{"id":565,"date":"2018-04-18T14:32:03","date_gmt":"2018-04-18T13:32:03","guid":{"rendered":"https:\/\/smporres.archimadrid.es\/?page_id=565"},"modified":"2018-06-01T18:37:48","modified_gmt":"2018-06-01T17:37:48","slug":"eucaristia","status":"publish","type":"page","link":"https:\/\/smporres.archimadrid.es\/?page_id=565","title":{"rendered":"Eucarist\u00eda"},"content":{"rendered":"<blockquote>\n<p style=\"text-align: center;\">\u201cCuando nos alimentamos con fe de su Cuerpo y de su Sangre, su amor pasa a nosotros y nos capacita para dar, tambi\u00e9n nosotros,\u00a0 la vida por nuestros hermanos y no vivir para nosotros mismos\u201d (Benedicto XVI).<\/p>\n<\/blockquote>\n<p><img loading=\"lazy\" decoding=\"async\" class=\"aligncenter size-large wp-image-1280\" src=\"https:\/\/smporres.archimadrid.es\/wp-content\/uploads\/2018\/05\/19AA9498-BBED-4934-AD4C-635562AA9914-1024x680.jpeg\" alt=\"\" width=\"780\" height=\"518\" srcset=\"https:\/\/smporres.archimadrid.es\/wp-content\/uploads\/2018\/05\/19AA9498-BBED-4934-AD4C-635562AA9914-1024x680.jpeg 1024w, https:\/\/smporres.archimadrid.es\/wp-content\/uploads\/2018\/05\/19AA9498-BBED-4934-AD4C-635562AA9914-300x199.jpeg 300w, https:\/\/smporres.archimadrid.es\/wp-content\/uploads\/2018\/05\/19AA9498-BBED-4934-AD4C-635562AA9914-768x510.jpeg 768w\" sizes=\"auto, (max-width: 780px) 100vw, 780px\" \/><\/p>\n<p>Nuestros horarios de misas son los siguientes:<\/p>\n<ul>\n<li>Lunes a s\u00e1bados, 19:00 h<\/li>\n<li>Domingos, 12:00 h<\/li>\n<li>Misa rociera: primer s\u00e1bado de mes, 19:00 h<\/li>\n<li>Misa San Mart\u00edn de Porres: primer domingo de mes, 12:00 h<\/li>\n<li>Eucarist\u00edas del Camino Neocatecumenal: s\u00e1bados, 17:30 y 20:00 h<\/li>\n<\/ul>\n<p>En verano (de junio a septiembre):<\/p>\n<ul>\n<li>Lunes a s\u00e1bados, 20:00 h<\/li>\n<\/ul>\n<blockquote>\n<p style=\"text-align: center;\">\u201cLa adoraci\u00f3n fuera de la santa misa prolonga e intensifica lo que ha acontecido en la celebraci\u00f3n lit\u00fargica, y hace posible una acogida verdadera y profunda de Cristo\u201d (Benedicto XVI).<\/p>\n<\/blockquote>\n<p><img loading=\"lazy\" decoding=\"async\" class=\"aligncenter wp-image-1398 size-large\" src=\"https:\/\/smporres.archimadrid.es\/wp-content\/uploads\/2018\/05\/95CE5E7C-95B7-4EA0-913C-1E6EAD838792-1024x605.jpeg\" alt=\"\" width=\"780\" height=\"461\" srcset=\"https:\/\/smporres.archimadrid.es\/wp-content\/uploads\/2018\/05\/95CE5E7C-95B7-4EA0-913C-1E6EAD838792-1024x605.jpeg 1024w, https:\/\/smporres.archimadrid.es\/wp-content\/uploads\/2018\/05\/95CE5E7C-95B7-4EA0-913C-1E6EAD838792-300x177.jpeg 300w, https:\/\/smporres.archimadrid.es\/wp-content\/uploads\/2018\/05\/95CE5E7C-95B7-4EA0-913C-1E6EAD838792-768x454.jpeg 768w, https:\/\/smporres.archimadrid.es\/wp-content\/uploads\/2018\/05\/95CE5E7C-95B7-4EA0-913C-1E6EAD838792.jpeg 2011w\" sizes=\"auto, (max-width: 780px) 100vw, 780px\" \/><\/p>\n<p>Exposici\u00f3n del Sant\u00edsimo:<\/p>\n<ul>\n<li>Todos los jueves al final de la misa, oraci\u00f3n por las vocaciones y por los sacerdotes.<\/li>\n<li>Adoraci\u00f3n nocturna: \u00faltimo viernes de mes, 21:00 h.<\/li>\n<\/ul>\n<p><a href=\"https:\/\/oracionyliturgia.archimadrid.org\/category\/lecturas-de-misa\/\" target=\"_blank\" rel=\"noopener\">Lecturas de la Misa<\/a><\/p>\n<p><a href=\"https:\/\/oracionyliturgia.archimadrid.org\/category\/comentario-a-las-lecturas\/\" target=\"_blank\" rel=\"noopener\">Comentario<\/a><\/p>\n<p><a href=\"https:\/\/oracionyliturgia.archimadrid.org\/category\/santoral\/\" target=\"_blank\" rel=\"noopener\">Santoral<\/a><\/p>\n<p><a href=\"https:\/\/oracionyliturgia.archimadrid.org\/category\/hoy-domingo\/\" target=\"_blank\" rel=\"noopener\">Hoy domingo<\/a><\/p>\n<p><a href=\"http:\/\/www.eltestigofiel.org\/index.php?idu=lt_liturgia\" target=\"_blank\" rel=\"noopener\">El testigo fiel<\/a><\/p>\n","protected":false},"excerpt":{"rendered":"<p>\u201cCuando nos alimentamos con fe de su Cuerpo y de su Sangre, su amor pasa a nosotros y nos capacita para dar, tambi\u00e9n nosotros,\u00a0 la vida por nuestros hermanos y [&hellip;]<\/p>\n","protected":false},"author":1,"featured_media":695,"parent":0,"menu_order":0,"comment_status":"closed","ping_status":"closed","template":"","meta":{"footnotes":""},"class_list":["post-565","page","type-page","status-publish","has-post-thumbnail","hentry"],"_links":{"self":[{"href":"https:\/\/smporres.archimadrid.es\/index.php?rest_route=\/wp\/v2\/pages\/565","targetHints":{"allow":["GET"]}}],"collection":[{"href":"https:\/\/smporres.archimadrid.es\/index.php?rest_route=\/wp\/v2\/pages"}],"about":[{"href":"https:\/\/smporres.archimadrid.es\/index.php?rest_route=\/wp\/v2\/types\/page"}],"author":[{"embeddable":true,"href":"https:\/\/smporres.archimadrid.es\/index.php?rest_route=\/wp\/v2\/users\/1"}],"replies":[{"embeddable":true,"href":"https:\/\/smporres.archimadrid.es\/index.php?rest_route=%2Fwp%2Fv2%2Fcomments&post=565"}],"version-history":[{"count":15,"href":"https:\/\/smporres.archimadrid.es\/index.php?rest_route=\/wp\/v2\/pages\/565\/revisions"}],"predecessor-version":[{"id":1401,"href":"https:\/\/smporres.archimadrid.es\/index.php?rest_route=\/wp\/v2\/pages\/565\/revisions\/1401"}],"wp:featuredmedia":[{"embeddable":true,"href":"https:\/\/smporres.archimadrid.es\/index.php?rest_route=\/wp\/v2\/media\/695"}],"wp:attachment":[{"href":"https:\/\/smporres.archimadrid.es\/index.php?rest_route=%2Fwp%2Fv2%2Fmedia&parent=565"}],"curies":[{"name":"wp","href":"https:\/\/api.w.org\/{rel}","templated":true}]}}