{"id":540,"date":"2018-04-18T11:42:10","date_gmt":"2018-04-18T10:42:10","guid":{"rendered":"https:\/\/smporres.archimadrid.es\/?page_id=540"},"modified":"2025-09-03T04:10:43","modified_gmt":"2025-09-03T02:10:43","slug":"comunion","status":"publish","type":"page","link":"https:\/\/smporres.archimadrid.es\/?page_id=540","title":{"rendered":"Comuni\u00f3n"},"content":{"rendered":"<p><img loading=\"lazy\" decoding=\"async\" class=\"aligncenter size-full wp-image-749\" src=\"https:\/\/smporres.archimadrid.es\/wp-content\/uploads\/2018\/04\/jesus-y-ni\u00f1os-e1524215206780.jpg\" alt=\"\" width=\"564\" height=\"193\" srcset=\"https:\/\/smporres.archimadrid.es\/wp-content\/uploads\/2018\/04\/jesus-y-ni\u00f1os-e1524215206780.jpg 564w, https:\/\/smporres.archimadrid.es\/wp-content\/uploads\/2018\/04\/jesus-y-ni\u00f1os-e1524215206780-300x103.jpg 300w\" sizes=\"auto, (max-width: 564px) 100vw, 564px\" \/><\/p>\n<blockquote><p>\u00abDejad que los ni\u00f1os vengan a m\u00ed, no se lo impid\u00e1is, porque de los que son como \u00e9stos es el Reino de Dios. Yo os aseguro: el que no reciba el Reino de Dios como ni\u00f1o, no entrar\u00e1 en \u00e9l\u00bb. Y abrazaba a los ni\u00f1os, y los bendec\u00eda poniendo las manos sobre ellos\u201d. (Mc 10,13-16).<\/p><\/blockquote>\n<figure id=\"attachment_1016\" aria-describedby=\"caption-attachment-1016\" style=\"width: 780px\" class=\"wp-caption aligncenter\"><img loading=\"lazy\" decoding=\"async\" class=\"wp-image-1016 size-large\" src=\"https:\/\/smporres.archimadrid.es\/wp-content\/uploads\/2018\/05\/hwins3-e1526029979997-1024x672.jpg\" alt=\"\" width=\"780\" height=\"512\" srcset=\"https:\/\/smporres.archimadrid.es\/wp-content\/uploads\/2018\/05\/hwins3-e1526029979997-1024x672.jpg 1024w, https:\/\/smporres.archimadrid.es\/wp-content\/uploads\/2018\/05\/hwins3-e1526029979997-300x197.jpg 300w, https:\/\/smporres.archimadrid.es\/wp-content\/uploads\/2018\/05\/hwins3-e1526029979997-768x504.jpg 768w, https:\/\/smporres.archimadrid.es\/wp-content\/uploads\/2018\/05\/hwins3-e1526029979997.jpg 1284w\" sizes=\"auto, (max-width: 780px) 100vw, 780px\" \/><figcaption id=\"caption-attachment-1016\" class=\"wp-caption-text\">Fiesta de HollyWins con los ni\u00f1os de Comuni\u00f3n, Confirmaci\u00f3n y Post-Confirmaci\u00f3n.<\/figcaption><\/figure>\n<p>A trav\u00e9s del m\u00e9todo del <a href=\"https:\/\/vidareligiosa.es\/el-oratorio-experiencia-de-encuentro-con-dios\/\" target=\"_blank\" rel=\"noopener noreferrer\">Oratorio de Ni\u00f1os<\/a> y del <a href=\"http:\/\/www.conferenciaepiscopal.es\/jesus-es-el-senor\/\" target=\"_blank\" rel=\"noopener noreferrer\">Catecismo Jes\u00fas es el Se\u00f1or<\/a>, intentamos que esta Palabra se cumpla en ellos. Buscamos que los ni\u00f1os se acerquen a Jes\u00fas, le conozcan, aprendan a rezar, a comprender que Dios est\u00e1 siempre con ellos y que les quiere, y que esta experiencia les ayude para toda su vida.<\/p>\n<figure id=\"attachment_1017\" aria-describedby=\"caption-attachment-1017\" style=\"width: 780px\" class=\"wp-caption aligncenter\"><img loading=\"lazy\" decoding=\"async\" class=\"wp-image-1017 size-large\" src=\"https:\/\/smporres.archimadrid.es\/wp-content\/uploads\/2018\/05\/hwins-e1526030033238-1024x549.jpg\" alt=\"\" width=\"780\" height=\"418\" srcset=\"https:\/\/smporres.archimadrid.es\/wp-content\/uploads\/2018\/05\/hwins-e1526030033238-1024x549.jpg 1024w, https:\/\/smporres.archimadrid.es\/wp-content\/uploads\/2018\/05\/hwins-e1526030033238-300x161.jpg 300w, https:\/\/smporres.archimadrid.es\/wp-content\/uploads\/2018\/05\/hwins-e1526030033238-768x412.jpg 768w, https:\/\/smporres.archimadrid.es\/wp-content\/uploads\/2018\/05\/hwins-e1526030033238.jpg 1340w\" sizes=\"auto, (max-width: 780px) 100vw, 780px\" \/><figcaption id=\"caption-attachment-1017\" class=\"wp-caption-text\">Fiesta de HollyWins con los ni\u00f1os de Comuni\u00f3n, Confirmaci\u00f3n y Post-Confirmaci\u00f3n.<\/figcaption><\/figure>\n<p>Hacemos juegos, fiestas, excursiones para que los chicos se diviertan mientras conocen a Dios.<\/p>\n<figure id=\"attachment_1018\" aria-describedby=\"caption-attachment-1018\" style=\"width: 780px\" class=\"wp-caption aligncenter\"><img loading=\"lazy\" decoding=\"async\" class=\"wp-image-1018 size-large\" src=\"https:\/\/smporres.archimadrid.es\/wp-content\/uploads\/2018\/05\/hwins2-1024x575.jpg\" alt=\"\" width=\"780\" height=\"438\" srcset=\"https:\/\/smporres.archimadrid.es\/wp-content\/uploads\/2018\/05\/hwins2-1024x575.jpg 1024w, https:\/\/smporres.archimadrid.es\/wp-content\/uploads\/2018\/05\/hwins2-300x168.jpg 300w, https:\/\/smporres.archimadrid.es\/wp-content\/uploads\/2018\/05\/hwins2-768x431.jpg 768w, https:\/\/smporres.archimadrid.es\/wp-content\/uploads\/2018\/05\/hwins2.jpg 1600w\" sizes=\"auto, (max-width: 780px) 100vw, 780px\" \/><figcaption id=\"caption-attachment-1018\" class=\"wp-caption-text\">Fiesta de HollyWins con los ni\u00f1os de Comuni\u00f3n, Confirmaci\u00f3n y Post-Confirmaci\u00f3n.<\/figcaption><\/figure>\n<p>El curso comienza la primera semana de octubre y finaliza el \u00faltimo s\u00e1bado de mayo con la celebraci\u00f3n de la las primeras comuniones de los ni\u00f1os de 3\u00ba.<\/p>\n<figure id=\"attachment_1333\" aria-describedby=\"caption-attachment-1333\" style=\"width: 780px\" class=\"wp-caption aligncenter\"><img loading=\"lazy\" decoding=\"async\" class=\"wp-image-1333 size-large\" src=\"https:\/\/smporres.archimadrid.es\/wp-content\/uploads\/2018\/05\/956A6E86-D225-41AE-8AA1-5EB22441D239-e1527494904465-1024x649.jpeg\" alt=\"\" width=\"780\" height=\"494\" srcset=\"https:\/\/smporres.archimadrid.es\/wp-content\/uploads\/2018\/05\/956A6E86-D225-41AE-8AA1-5EB22441D239-e1527494904465-1024x649.jpeg 1024w, https:\/\/smporres.archimadrid.es\/wp-content\/uploads\/2018\/05\/956A6E86-D225-41AE-8AA1-5EB22441D239-e1527494904465-300x190.jpeg 300w, https:\/\/smporres.archimadrid.es\/wp-content\/uploads\/2018\/05\/956A6E86-D225-41AE-8AA1-5EB22441D239-e1527494904465-768x487.jpeg 768w\" sizes=\"auto, (max-width: 780px) 100vw, 780px\" \/><figcaption id=\"caption-attachment-1333\" class=\"wp-caption-text\">Comuniones 2018<\/figcaption><\/figure>\n","protected":false},"excerpt":{"rendered":"<p>\u00abDejad que los ni\u00f1os vengan a m\u00ed, no se lo impid\u00e1is, porque de los que son como \u00e9stos es el Reino de Dios. Yo os aseguro: el que no reciba [&hellip;]<\/p>\n","protected":false},"author":1,"featured_media":5627,"parent":0,"menu_order":0,"comment_status":"closed","ping_status":"closed","template":"","meta":{"footnotes":""},"class_list":["post-540","page","type-page","status-publish","has-post-thumbnail","hentry"],"_links":{"self":[{"href":"https:\/\/smporres.archimadrid.es\/index.php?rest_route=\/wp\/v2\/pages\/540","targetHints":{"allow":["GET"]}}],"collection":[{"href":"https:\/\/smporres.archimadrid.es\/index.php?rest_route=\/wp\/v2\/pages"}],"about":[{"href":"https:\/\/smporres.archimadrid.es\/index.php?rest_route=\/wp\/v2\/types\/page"}],"author":[{"embeddable":true,"href":"https:\/\/smporres.archimadrid.es\/index.php?rest_route=\/wp\/v2\/users\/1"}],"replies":[{"embeddable":true,"href":"https:\/\/smporres.archimadrid.es\/index.php?rest_route=%2Fwp%2Fv2%2Fcomments&post=540"}],"version-history":[{"count":22,"href":"https:\/\/smporres.archimadrid.es\/index.php?rest_route=\/wp\/v2\/pages\/540\/revisions"}],"predecessor-version":[{"id":4952,"href":"https:\/\/smporres.archimadrid.es\/index.php?rest_route=\/wp\/v2\/pages\/540\/revisions\/4952"}],"wp:featuredmedia":[{"embeddable":true,"href":"https:\/\/smporres.archimadrid.es\/index.php?rest_route=\/wp\/v2\/media\/5627"}],"wp:attachment":[{"href":"https:\/\/smporres.archimadrid.es\/index.php?rest_route=%2Fwp%2Fv2%2Fmedia&parent=540"}],"curies":[{"name":"wp","href":"https:\/\/api.w.org\/{rel}","templated":true}]}}